{"id":4735,"date":"2024-10-03T10:11:48","date_gmt":"2024-10-03T08:11:48","guid":{"rendered":"https:\/\/festuc.net\/espectaculos\/jo-tarzan\/"},"modified":"2026-04-17T13:32:38","modified_gmt":"2026-04-17T11:32:38","slug":"la-nina-de-la-jungla","status":"publish","type":"page","link":"https:\/\/festuc.net\/es\/espectaculos\/la-nina-de-la-jungla\/","title":{"rendered":"La ni\u00f1a de la Jungla"},"content":{"rendered":"<p>[et_pb_section fb_built=\u00bb1&#8243; _builder_version=\u00bb4.16&#8243; _module_preset=\u00bbdefault\u00bb background_color=\u00bb#F0E9DE\u00bb background_image=\u00bbhttps:\/\/festuc.net\/wp-content\/uploads\/2021\/05\/1FamiliHD.jpg\u00bb background_blend=\u00bbsoft-light\u00bb custom_padding=\u00bb||200px||false|false\u00bb border_radii=\u00bboff||||200px\u00bb global_colors_info=\u00bb{}\u00bb][et_pb_row make_equal=\u00bbon\u00bb _builder_version=\u00bb4.27.5&#8243; _module_preset=\u00bbdefault\u00bb width=\u00bb85%\u00bb max_width=\u00bb100%\u00bb hover_enabled=\u00bb0&#8243; global_colors_info=\u00bb{}\u00bb column_structure=\u00bb1_2,1_2&#8243; sticky_enabled=\u00bb0&#8243;][et_pb_column type=\u00bb1_2&#8243; module_class=\u00bbalinear\u00bb _builder_version=\u00bb4.16&#8243; _module_preset=\u00bbdefault\u00bb global_colors_info=\u00bb{}\u00bb][et_pb_video src=\u00bbhttps:\/\/youtu.be\/8qiKQ5qA6hc\u00bb disabled_on=\u00bboff|off|off\u00bb _builder_version=\u00bb4.27.5&#8243; _module_preset=\u00bbdefault\u00bb hover_enabled=\u00bb0&#8243; global_colors_info=\u00bb{}\u00bb src__hover_enabled=\u00bbon|desktop\u00bb src__hover=\u00bbhttps:\/\/youtu.be\/qvh4juI8QDI\u00bb sticky_enabled=\u00bb0&#8243;][\/et_pb_video][\/et_pb_column][et_pb_column type=\u00bb1_2&#8243; module_class=\u00bbalinear\u00bb _builder_version=\u00bb4.16&#8243; _module_preset=\u00bbdefault\u00bb global_colors_info=\u00bb{}\u00bb][et_pb_post_title meta=\u00bboff\u00bb featured_image=\u00bboff\u00bb _builder_version=\u00bb4.16&#8243; _module_preset=\u00bbdefault\u00bb title_font=\u00bbgood brington||||||||\u00bb title_text_color=\u00bb#6e725a\u00bb title_font_size=\u00bb90px\u00bb custom_margin=\u00bb0px||0px||false|false\u00bb custom_margin_tablet=\u00bb\u00bb custom_margin_phone=\u00bb||22px||false|false\u00bb custom_margin_last_edited=\u00bbon|desktop\u00bb custom_padding=\u00bb0px||0px||false|false\u00bb title_font_size_tablet=\u00bb80px\u00bb title_font_size_phone=\u00bb80px\u00bb title_font_size_last_edited=\u00bbon|desktop\u00bb title_line_height_tablet=\u00bb\u00bb title_line_height_phone=\u00bb0.9em\u00bb title_line_height_last_edited=\u00bbon|phone\u00bb global_colors_info=\u00bb{}\u00bb][\/et_pb_post_title][et_pb_text _builder_version=\u00bb4.16&#8243; _module_preset=\u00bbdefault\u00bb header_3_font=\u00bbAmaranth||||||||\u00bb header_3_text_color=\u00bb#605d63&#8243; header_3_font_size=\u00bb30px\u00bb custom_margin=\u00bb||10px||false|false\u00bb header_3_font_size_tablet=\u00bb\u00bb header_3_font_size_phone=\u00bb30px\u00bb header_3_font_size_last_edited=\u00bbon|phone\u00bb global_colors_info=\u00bb{}\u00bb admin_label=\u00bbTexto\u00bb]<\/p>\n<h3>Sinopsis<\/h3>\n<p>[\/et_pb_text][et_pb_text _builder_version=\u00bb4.27.5&#8243; _module_preset=\u00bbdefault\u00bb text_font=\u00bbRaleway||||||||\u00bb text_text_color=\u00bb#605d63&#8243; text_font_size=\u00bb16px\u00bb custom_margin=\u00bb||22px||false|false\u00bb custom_margin_tablet=\u00bb\u00bb custom_margin_phone=\u00bb||55px||false|false\u00bb custom_margin_last_edited=\u00bbon|phone\u00bb global_colors_info=\u00bb{}\u00bb]<\/p>\n<p>En medio de la selva, una criatura queda hu\u00e9rfana y desprotegida ante sus peligros. As\u00ed comienza la historia de nuestra protagonista: <strong>Liana<\/strong>, la ni\u00f1a de la jungla, una ni\u00f1a que crecer\u00e1 rodeada de animales salvajes, que, a su manera, la proteger\u00e1n y la acompa\u00f1ar\u00e1n en su camino.<\/p>\n<p>Una historia emotiva que habla de cuestiones que no est\u00e1n tan lejos de nuestra realidad: sentirse inferior, querer <strong>pertenecer<\/strong>, sentirse diferente al resto\u2026<\/p>\n<p>Un espect\u00e1culo de t\u00edteres divertido y sensible, con una escenograf\u00eda y una banda sonora m\u00e1gicas que os har\u00e1 conectar con el instinto m\u00e1s salvaje y animal.<\/p>\n<p>Esta vez, <strong>Festuc Teatre<\/strong> os sumerge en una aventura llena de emoci\u00f3n, pero tambi\u00e9n de humor y descubrimientos y os invita a <strong>reflexionar sobre los v\u00ednculos y el hecho de saber transformarlos.<\/strong><\/p>\n<p>[\/et_pb_text][\/et_pb_column][\/et_pb_row][et_pb_row column_structure=\u00bb1_3,1_3,1_3&#8243; _builder_version=\u00bb4.16&#8243; _module_preset=\u00bbdefault\u00bb max_width=\u00bb1270px\u00bb global_colors_info=\u00bb{}\u00bb][et_pb_column type=\u00bb1_3&#8243; _builder_version=\u00bb4.16&#8243; _module_preset=\u00bbdefault\u00bb global_colors_info=\u00bb{}\u00bb][et_pb_button button_url=\u00bbhttps:\/\/festuc.net\/wp-content\/uploads\/2026\/03\/Ficha-Tecnica-La-Nena-de-la-Jungla-Festuc-Teatre-ES.pdf\u00bb url_new_window=\u00bbon\u00bb button_text=\u00bb Descargar ficha t\u00e9cnica\u00bb button_alignment=\u00bbcenter\u00bb button_alignment_last_edited=\u00bboff|desktop\u00bb module_id=\u00bbbotonDer\u00bb _builder_version=\u00bb4.27.5&#8243; _module_preset=\u00bb2eab4fe7-784b-4bb9-989d-03dee674baaa\u00bb button_bg_color=\u00bb#6E725A\u00bb button_icon=\u00bb&#xe044;||divi||400&#8243; button_icon_color=\u00bb#FFFFFF\u00bb button_on_hover=\u00bboff\u00bb custom_padding=\u00bb|55px|||false|false\u00bb button_text_size_tablet=\u00bb\u00bb button_text_size_phone=\u00bb16px\u00bb button_text_size_last_edited=\u00bbon|phone\u00bb global_colors_info=\u00bb{}\u00bb custom_css_main_element_last_edited=\u00bboff|desktop\u00bb][\/et_pb_button][\/et_pb_column][et_pb_column type=\u00bb1_3&#8243; _builder_version=\u00bb4.16&#8243; _module_preset=\u00bbdefault\u00bb global_colors_info=\u00bb{}\u00bb][et_pb_button button_url=\u00bbhttps:\/\/festuc.net\/wp-content\/uploads\/2026\/03\/Dosier-La-NINA-de-la-JUNGLA-Festuc-Teatre.pdf\u00bb url_new_window=\u00bbon\u00bb button_text=\u00bb Descargar dosier\u00bb button_alignment=\u00bbcenter\u00bb button_alignment_last_edited=\u00bboff|desktop\u00bb module_id=\u00bbbotonIzq\u00bb _builder_version=\u00bb4.27.5&#8243; _module_preset=\u00bb2eab4fe7-784b-4bb9-989d-03dee674baaa\u00bb button_bg_color=\u00bb#6E725A\u00bb button_icon=\u00bb&#xe044;||divi||400&#8243; button_icon_color=\u00bb#FFFFFF\u00bb button_on_hover=\u00bboff\u00bb custom_padding=\u00bb|55px|||false|false\u00bb button_text_size_tablet=\u00bb\u00bb button_text_size_phone=\u00bb16px\u00bb button_text_size_last_edited=\u00bbon|phone\u00bb global_colors_info=\u00bb{}\u00bb custom_css_main_element_last_edited=\u00bboff|desktop\u00bb][\/et_pb_button][\/et_pb_column][et_pb_column type=\u00bb1_3&#8243; _builder_version=\u00bb4.16&#8243; _module_preset=\u00bbdefault\u00bb global_colors_info=\u00bb{}\u00bb][et_pb_button button_url=\u00bb@ET-DC@eyJkeW5hbWljIjp0cnVlLCJjb250ZW50IjoicG9zdF9saW5rX3VybF9wYWdlIiwic2V0dGluZ3MiOnsicG9zdF9pZCI6Ijk5MSJ9fQ==@\u00bb url_new_window=\u00bbon\u00bb button_text=\u00bbSolicitar guia did\u00e1ctica\u00bb button_alignment=\u00bbcenter\u00bb module_id=\u00bbbotonIzq\u00bb _builder_version=\u00bb4.16&#8243; _dynamic_attributes=\u00bbbutton_url\u00bb _module_preset=\u00bb2eab4fe7-784b-4bb9-989d-03dee674baaa\u00bb button_bg_color=\u00bb#6E725A\u00bb button_border_color=\u00bbRGBA(0,0,0,0)\u00bb button_icon=\u00bb&#xe044;||divi||400&#8243; button_icon_color=\u00bb#FFFFFF\u00bb button_on_hover=\u00bboff\u00bb custom_padding=\u00bb|55px|||false|false\u00bb button_text_size_tablet=\u00bb\u00bb button_text_size_phone=\u00bb16px\u00bb button_text_size_last_edited=\u00bbon|phone\u00bb global_colors_info=\u00bb{}\u00bb][\/et_pb_button][\/et_pb_column][\/et_pb_row][et_pb_row column_structure=\u00bb1_4,1_4,1_4,1_4&#8243; _builder_version=\u00bb4.16&#8243; _module_preset=\u00bbdefault\u00bb max_width=\u00bb1270px\u00bb locked=\u00bboff\u00bb global_colors_info=\u00bb{}\u00bb][et_pb_column type=\u00bb1_4&#8243; _builder_version=\u00bb4.16&#8243; _module_preset=\u00bbdefault\u00bb global_colors_info=\u00bb{}\u00bb][et_pb_image src=\u00bbhttps:\/\/festuc.net\/wp-content\/uploads\/2025\/12\/PREMIOS-MAX-CANDIDATO.png\u00bb title_text=\u00bbPREMIOS MAX CANDIDATO\u00bb _builder_version=\u00bb4.27.4&#8243; _module_preset=\u00bbdefault\u00bb filter_hue_rotate=\u00bb125deg\u00bb filter_saturate=\u00bb0%\u00bb filter_brightness=\u00bb106%\u00bb filter_contrast=\u00bb42%\u00bb filter_invert=\u00bb98%\u00bb filter_sepia=\u00bb56%\u00bb filter_opacity=\u00bb87%\u00bb global_colors_info=\u00bb{}\u00bb][\/et_pb_image][\/et_pb_column][et_pb_column type=\u00bb1_4&#8243; _builder_version=\u00bb4.16&#8243; _module_preset=\u00bbdefault\u00bb global_colors_info=\u00bb{}\u00bb][et_pb_image src=\u00bbhttps:\/\/festuc.net\/wp-content\/uploads\/2025\/12\/NOMINADA-POR-LA-ACADEMIA-DE-LA-MUSICA-DE-ESPANA.png\u00bb title_text=\u00bbNOMINADA POR LA ACADEMIA DE LA M\u00daSICA DE ESPA\u00d1A\u00bb _builder_version=\u00bb4.27.4&#8243; _module_preset=\u00bbdefault\u00bb filter_hue_rotate=\u00bb125deg\u00bb filter_saturate=\u00bb0%\u00bb filter_brightness=\u00bb106%\u00bb filter_contrast=\u00bb42%\u00bb filter_invert=\u00bb98%\u00bb filter_sepia=\u00bb56%\u00bb filter_opacity=\u00bb87%\u00bb locked=\u00bboff\u00bb global_colors_info=\u00bb{}\u00bb][\/et_pb_image][\/et_pb_column][et_pb_column type=\u00bb1_4&#8243; _builder_version=\u00bb4.16&#8243; _module_preset=\u00bbdefault\u00bb global_colors_info=\u00bb{}\u00bb][et_pb_image src=\u00bbhttps:\/\/festuc.net\/wp-content\/uploads\/2025\/12\/MEJOR-ESPECTACULO-INFANTIL-CIUDAD-RODRIGO-CIUDAD-RODRIGO.png\u00bb title_text=\u00bbMEJOR ESPECTACULO INFANTIL CIUDAD RODRIGO CIUDAD RODRIGO\u00bb _builder_version=\u00bb4.27.4&#8243; _module_preset=\u00bbdefault\u00bb filter_hue_rotate=\u00bb125deg\u00bb filter_saturate=\u00bb0%\u00bb filter_brightness=\u00bb106%\u00bb filter_contrast=\u00bb42%\u00bb filter_invert=\u00bb98%\u00bb filter_sepia=\u00bb56%\u00bb filter_opacity=\u00bb87%\u00bb locked=\u00bboff\u00bb global_colors_info=\u00bb{}\u00bb][\/et_pb_image][\/et_pb_column][et_pb_column type=\u00bb1_4&#8243; _builder_version=\u00bb4.16&#8243; _module_preset=\u00bbdefault\u00bb global_colors_info=\u00bb{}\u00bb][et_pb_image src=\u00bbhttps:\/\/festuc.net\/wp-content\/uploads\/2025\/12\/MEJOR-ACTRIZ-HERRERA-EN-ESCENA.png\u00bb title_text=\u00bbMEJOR ACTRIZ HERRERA EN ESCENA\u00bb _builder_version=\u00bb4.27.4&#8243; _module_preset=\u00bbdefault\u00bb filter_hue_rotate=\u00bb125deg\u00bb filter_saturate=\u00bb0%\u00bb filter_brightness=\u00bb106%\u00bb filter_contrast=\u00bb42%\u00bb filter_invert=\u00bb98%\u00bb filter_sepia=\u00bb56%\u00bb filter_opacity=\u00bb87%\u00bb locked=\u00bboff\u00bb global_colors_info=\u00bb{}\u00bb][\/et_pb_image][\/et_pb_column][\/et_pb_row][\/et_pb_section][et_pb_section fb_built=\u00bb1&#8243; _builder_version=\u00bb4.16&#8243; _module_preset=\u00bbdefault\u00bb background_color=\u00bb#FFFFFF\u00bb background_enable_image=\u00bboff\u00bb background_blend=\u00bbcolor-burn\u00bb z_index=\u00bb999&#8243; width=\u00bb90%\u00bb module_alignment=\u00bbright\u00bb custom_margin=\u00bb-130px||55px||false|false\u00bb custom_padding=\u00bb55px||0px||false|false\u00bb animation_style=\u00bbslide\u00bb animation_direction=\u00bbright\u00bb animation_intensity_slide=\u00bb10%\u00bb border_radii=\u00bboff|200px|||\u00bb global_colors_info=\u00bb{}\u00bb][et_pb_row use_custom_gutter=\u00bbon\u00bb gutter_width=\u00bb2&#8243; _builder_version=\u00bb4.16&#8243; _module_preset=\u00bbdefault\u00bb max_width=\u00bb100%\u00bb custom_margin=\u00bb||||false|false\u00bb global_colors_info=\u00bb{}\u00bb][et_pb_column type=\u00bb4_4&#8243; _builder_version=\u00bb4.16&#8243; _module_preset=\u00bbdefault\u00bb global_colors_info=\u00bb{}\u00bb][dmg_masonry_gallery gallery=\u00bb6217,6216,6215,6214,6213,6212,6211,6210,6208,6209,6207,6206,6205,6204&#8243; columns=\u00bb4&#8243; _builder_version=\u00bb4.27.5&#8243; _module_preset=\u00bbdefault\u00bb global_colors_info=\u00bb{}\u00bb][\/dmg_masonry_gallery][\/et_pb_column][\/et_pb_row][\/et_pb_section]<\/p>\n","protected":false},"excerpt":{"rendered":"<p>SinopsisEn medio de la selva, una criatura queda hu\u00e9rfana y desprotegida ante sus peligros. As\u00ed comienza la historia de nuestra protagonista: Liana, la ni\u00f1a de la jungla, una ni\u00f1a que crecer\u00e1 rodeada de animales salvajes, que, a su manera, la proteger\u00e1n y la acompa\u00f1ar\u00e1n en su camino. Una historia emotiva que habla de cuestiones que [&hellip;]<\/p>\n","protected":false},"author":1,"featured_media":0,"parent":2029,"menu_order":0,"comment_status":"closed","ping_status":"closed","template":"","meta":{"_et_pb_use_builder":"on","_et_pb_old_content":"","_et_gb_content_width":"","footnotes":""},"class_list":["post-4735","page","type-page","status-publish","hentry"],"yoast_head":"<!-- This site is optimized with the Yoast SEO plugin v26.7 - https:\/\/yoast.com\/wordpress\/plugins\/seo\/ -->\n<title>La ni\u00f1a de la Jungla - Festuc teatre<\/title>\n<meta name=\"description\" content=\"Festuc Teatro, teatro de t\u00edteres. Espect\u00e1culos familiares e infantiles que transmiten valores y emociones. Yo, Tarz\u00e1n.\" \/>\n<meta name=\"robots\" content=\"index, follow, max-snippet:-1, max-image-preview:large, max-video-preview:-1\" \/>\n<link rel=\"canonical\" href=\"https:\/\/festuc.net\/es\/espectaculos\/la-nina-de-la-jungla\/\" \/>\n<meta property=\"og:locale\" content=\"es_ES\" \/>\n<meta property=\"og:type\" content=\"article\" \/>\n<meta property=\"og:title\" content=\"La ni\u00f1a de la Jungla - Festuc teatre\" \/>\n<meta property=\"og:description\" content=\"Festuc Teatro, teatro de t\u00edteres. Espect\u00e1culos familiares e infantiles que transmiten valores y emociones. Yo, Tarz\u00e1n.\" \/>\n<meta property=\"og:url\" content=\"https:\/\/festuc.net\/es\/espectaculos\/la-nina-de-la-jungla\/\" \/>\n<meta property=\"og:site_name\" content=\"Festuc teatre\" \/>\n<meta property=\"article:modified_time\" content=\"2026-04-17T11:32:38+00:00\" \/>\n<meta name=\"twitter:card\" content=\"summary_large_image\" \/>\n<meta name=\"twitter:label1\" content=\"Tiempo de lectura\" \/>\n\t<meta name=\"twitter:data1\" content=\"5 minutos\" \/>\n<script type=\"application\/ld+json\" class=\"yoast-schema-graph\">{\"@context\":\"https:\/\/schema.org\",\"@graph\":[{\"@type\":\"WebPage\",\"@id\":\"https:\/\/festuc.net\/es\/espectaculos\/la-nina-de-la-jungla\/\",\"url\":\"https:\/\/festuc.net\/es\/espectaculos\/la-nina-de-la-jungla\/\",\"name\":\"La ni\u00f1a de la Jungla - Festuc teatre\",\"isPartOf\":{\"@id\":\"https:\/\/festuc.net\/es\/#website\"},\"datePublished\":\"2024-10-03T08:11:48+00:00\",\"dateModified\":\"2026-04-17T11:32:38+00:00\",\"description\":\"Festuc Teatro, teatro de t\u00edteres. Espect\u00e1culos familiares e infantiles que transmiten valores y emociones. Yo, Tarz\u00e1n.\",\"breadcrumb\":{\"@id\":\"https:\/\/festuc.net\/es\/espectaculos\/la-nina-de-la-jungla\/#breadcrumb\"},\"inLanguage\":\"es\",\"potentialAction\":[{\"@type\":\"ReadAction\",\"target\":[\"https:\/\/festuc.net\/es\/espectaculos\/la-nina-de-la-jungla\/\"]}]},{\"@type\":\"BreadcrumbList\",\"@id\":\"https:\/\/festuc.net\/es\/espectaculos\/la-nina-de-la-jungla\/#breadcrumb\",\"itemListElement\":[{\"@type\":\"ListItem\",\"position\":1,\"name\":\"Inici\",\"item\":\"https:\/\/festuc.net\/es\/\"},{\"@type\":\"ListItem\",\"position\":2,\"name\":\"Espect\u00e1culos\",\"item\":\"https:\/\/festuc.net\/es\/espectaculos\/\"},{\"@type\":\"ListItem\",\"position\":3,\"name\":\"La ni\u00f1a de la Jungla\"}]},{\"@type\":\"WebSite\",\"@id\":\"https:\/\/festuc.net\/es\/#website\",\"url\":\"https:\/\/festuc.net\/es\/\",\"name\":\"Festuc teatre\",\"description\":\"Companyia de teatre\",\"potentialAction\":[{\"@type\":\"SearchAction\",\"target\":{\"@type\":\"EntryPoint\",\"urlTemplate\":\"https:\/\/festuc.net\/es\/?s={search_term_string}\"},\"query-input\":{\"@type\":\"PropertyValueSpecification\",\"valueRequired\":true,\"valueName\":\"search_term_string\"}}],\"inLanguage\":\"es\"}]}<\/script>\n<!-- \/ Yoast SEO plugin. -->","yoast_head_json":{"title":"La ni\u00f1a de la Jungla - Festuc teatre","description":"Festuc Teatro, teatro de t\u00edteres. Espect\u00e1culos familiares e infantiles que transmiten valores y emociones. Yo, Tarz\u00e1n.","robots":{"index":"index","follow":"follow","max-snippet":"max-snippet:-1","max-image-preview":"max-image-preview:large","max-video-preview":"max-video-preview:-1"},"canonical":"https:\/\/festuc.net\/es\/espectaculos\/la-nina-de-la-jungla\/","og_locale":"es_ES","og_type":"article","og_title":"La ni\u00f1a de la Jungla - Festuc teatre","og_description":"Festuc Teatro, teatro de t\u00edteres. Espect\u00e1culos familiares e infantiles que transmiten valores y emociones. Yo, Tarz\u00e1n.","og_url":"https:\/\/festuc.net\/es\/espectaculos\/la-nina-de-la-jungla\/","og_site_name":"Festuc teatre","article_modified_time":"2026-04-17T11:32:38+00:00","twitter_card":"summary_large_image","twitter_misc":{"Tiempo de lectura":"5 minutos"},"schema":{"@context":"https:\/\/schema.org","@graph":[{"@type":"WebPage","@id":"https:\/\/festuc.net\/es\/espectaculos\/la-nina-de-la-jungla\/","url":"https:\/\/festuc.net\/es\/espectaculos\/la-nina-de-la-jungla\/","name":"La ni\u00f1a de la Jungla - Festuc teatre","isPartOf":{"@id":"https:\/\/festuc.net\/es\/#website"},"datePublished":"2024-10-03T08:11:48+00:00","dateModified":"2026-04-17T11:32:38+00:00","description":"Festuc Teatro, teatro de t\u00edteres. Espect\u00e1culos familiares e infantiles que transmiten valores y emociones. Yo, Tarz\u00e1n.","breadcrumb":{"@id":"https:\/\/festuc.net\/es\/espectaculos\/la-nina-de-la-jungla\/#breadcrumb"},"inLanguage":"es","potentialAction":[{"@type":"ReadAction","target":["https:\/\/festuc.net\/es\/espectaculos\/la-nina-de-la-jungla\/"]}]},{"@type":"BreadcrumbList","@id":"https:\/\/festuc.net\/es\/espectaculos\/la-nina-de-la-jungla\/#breadcrumb","itemListElement":[{"@type":"ListItem","position":1,"name":"Inici","item":"https:\/\/festuc.net\/es\/"},{"@type":"ListItem","position":2,"name":"Espect\u00e1culos","item":"https:\/\/festuc.net\/es\/espectaculos\/"},{"@type":"ListItem","position":3,"name":"La ni\u00f1a de la Jungla"}]},{"@type":"WebSite","@id":"https:\/\/festuc.net\/es\/#website","url":"https:\/\/festuc.net\/es\/","name":"Festuc teatre","description":"Companyia de teatre","potentialAction":[{"@type":"SearchAction","target":{"@type":"EntryPoint","urlTemplate":"https:\/\/festuc.net\/es\/?s={search_term_string}"},"query-input":{"@type":"PropertyValueSpecification","valueRequired":true,"valueName":"search_term_string"}}],"inLanguage":"es"}]}},"publishpress_future_action":{"enabled":false,"date":"2026-05-09 05:09:58","action":"change-status","newStatus":"draft","terms":[],"taxonomy":"translation_priority","extraData":[]},"publishpress_future_workflow_manual_trigger":{"enabledWorkflows":[]},"_links":{"self":[{"href":"https:\/\/festuc.net\/es\/wp-json\/wp\/v2\/pages\/4735","targetHints":{"allow":["GET"]}}],"collection":[{"href":"https:\/\/festuc.net\/es\/wp-json\/wp\/v2\/pages"}],"about":[{"href":"https:\/\/festuc.net\/es\/wp-json\/wp\/v2\/types\/page"}],"author":[{"embeddable":true,"href":"https:\/\/festuc.net\/es\/wp-json\/wp\/v2\/users\/1"}],"replies":[{"embeddable":true,"href":"https:\/\/festuc.net\/es\/wp-json\/wp\/v2\/comments?post=4735"}],"version-history":[{"count":21,"href":"https:\/\/festuc.net\/es\/wp-json\/wp\/v2\/pages\/4735\/revisions"}],"predecessor-version":[{"id":6237,"href":"https:\/\/festuc.net\/es\/wp-json\/wp\/v2\/pages\/4735\/revisions\/6237"}],"up":[{"embeddable":true,"href":"https:\/\/festuc.net\/es\/wp-json\/wp\/v2\/pages\/2029"}],"wp:attachment":[{"href":"https:\/\/festuc.net\/es\/wp-json\/wp\/v2\/media?parent=4735"}],"curies":[{"name":"wp","href":"https:\/\/api.w.org\/{rel}","templated":true}]}}